{"id":66,"date":"2020-01-13T20:28:59","date_gmt":"2020-01-13T19:28:59","guid":{"rendered":"http:\/\/www.klubvss.eu\/?page_id=66"},"modified":"2021-01-26T14:59:02","modified_gmt":"2021-01-26T13:59:02","slug":"historia-klubu","status":"publish","type":"page","link":"http:\/\/www.klubvss.eu\/?page_id=66","title":{"rendered":"Hist\u00f3ria klubu"},"content":{"rendered":"\n<h5 class=\"wp-block-heading\">\n\t30 rokov klubu chovate\u013eov kr\u00e1likov Vss na Slovensku<\/h5>\n\n\n\n<p>\n\tK&nbsp;zalo\u017eeniu klubu do\u0161lo d\u0148a 10.6.1983 ke\u010f vtedaj\u0161ie P\u00daV SZD \nv&nbsp;Bratislave na svojom&nbsp; zasadnut\u00ed&nbsp; uznesen\u00edm \u010d. 23\/12&nbsp; schv\u00e1lilo \nzalo\u017eenie Klubu chovate\u013eov kr\u00e1likov&nbsp; Ve\u013ek\u00fdch svetl\u00fdch strieborn\u00fdch, so \ns\u00eddlom v&nbsp;Trebaticiach. Zakladaj\u00faca sch\u00f4dza klubu chovate\u013eov kr\u00e1likov Vss\n v&nbsp;Trebaticiach bola 3.12.1983. Sch\u00f4dzu zah\u00e1jil \u010dlen pr\u00edpravn\u00e9ho \nv\u00fdboru&nbsp;&nbsp; p. Emil Jankech. Po uv\u00edtan\u00ed&nbsp; pr\u00edtomn\u00fdch, ods\u00fahlasen\u00ed programu \nprist\u00fapili \u010dlenovia klubu k&nbsp;rokovaniu jednotliv\u00fdch bodov. Predov\u0161etk\u00fdm \nboli doplnen\u00e9 funkcie \u010dlenov v\u00fdboru, plus \u010fal\u0161ie body d\u00f4le\u017eit\u00e9 pre \n\u010dinnos\u0165 klubu.<\/p>\n\n\n\n<div class=\"wp-block-image\"><figure class=\"aligncenter size-large\"><img loading=\"lazy\" decoding=\"async\" width=\"438\" height=\"600\" src=\"http:\/\/www.klubvss.eu\/wp-content\/uploads\/2020\/01\/vianoce-1.jpg\" alt=\"\" class=\"wp-image-143\" srcset=\"http:\/\/www.klubvss.eu\/wp-content\/uploads\/2020\/01\/vianoce-1.jpg 438w, http:\/\/www.klubvss.eu\/wp-content\/uploads\/2020\/01\/vianoce-1-219x300.jpg 219w\" sizes=\"auto, (max-width: 438px) 100vw, 438px\" \/><\/figure><\/div>\n\n\n\n<figure class=\"wp-block-image size-large\"><img loading=\"lazy\" decoding=\"async\" width=\"1024\" height=\"653\" src=\"http:\/\/www.klubvss.eu\/wp-content\/uploads\/2021\/01\/Archiv-Trebatice-1-byvali-vybor-klubu1-1024x653.jpg\" alt=\"\" class=\"wp-image-672\" srcset=\"http:\/\/www.klubvss.eu\/wp-content\/uploads\/2021\/01\/Archiv-Trebatice-1-byvali-vybor-klubu1-1024x653.jpg 1024w, http:\/\/www.klubvss.eu\/wp-content\/uploads\/2021\/01\/Archiv-Trebatice-1-byvali-vybor-klubu1-300x191.jpg 300w, http:\/\/www.klubvss.eu\/wp-content\/uploads\/2021\/01\/Archiv-Trebatice-1-byvali-vybor-klubu1-768x490.jpg 768w, http:\/\/www.klubvss.eu\/wp-content\/uploads\/2021\/01\/Archiv-Trebatice-1-byvali-vybor-klubu1.jpg 1512w\" sizes=\"auto, (max-width: 1024px) 100vw, 1024px\" \/><\/figure>\n\n\n\n<figure class=\"wp-block-image size-large\"><img loading=\"lazy\" decoding=\"async\" width=\"1024\" height=\"656\" src=\"http:\/\/www.klubvss.eu\/wp-content\/uploads\/2021\/01\/Archiv-Trebatice-2.-byvali-predseda-Vladimir-Strechaj2-1024x656.jpg\" alt=\"\" class=\"wp-image-673\" srcset=\"http:\/\/www.klubvss.eu\/wp-content\/uploads\/2021\/01\/Archiv-Trebatice-2.-byvali-predseda-Vladimir-Strechaj2-1024x656.jpg 1024w, http:\/\/www.klubvss.eu\/wp-content\/uploads\/2021\/01\/Archiv-Trebatice-2.-byvali-predseda-Vladimir-Strechaj2-300x192.jpg 300w, http:\/\/www.klubvss.eu\/wp-content\/uploads\/2021\/01\/Archiv-Trebatice-2.-byvali-predseda-Vladimir-Strechaj2-768x492.jpg 768w, http:\/\/www.klubvss.eu\/wp-content\/uploads\/2021\/01\/Archiv-Trebatice-2.-byvali-predseda-Vladimir-Strechaj2.jpg 1512w\" sizes=\"auto, (max-width: 1024px) 100vw, 1024px\" \/><\/figure>\n\n\n\n<figure class=\"wp-block-image size-large\"><img loading=\"lazy\" decoding=\"async\" width=\"1024\" height=\"714\" src=\"http:\/\/www.klubvss.eu\/wp-content\/uploads\/2021\/01\/Archiv-Trebatice-3.terajsi-clenoviabyvali-predseda-Emil-Janke3-1024x714.jpg\" alt=\"\" class=\"wp-image-675\" srcset=\"http:\/\/www.klubvss.eu\/wp-content\/uploads\/2021\/01\/Archiv-Trebatice-3.terajsi-clenoviabyvali-predseda-Emil-Janke3-1024x714.jpg 1024w, http:\/\/www.klubvss.eu\/wp-content\/uploads\/2021\/01\/Archiv-Trebatice-3.terajsi-clenoviabyvali-predseda-Emil-Janke3-300x209.jpg 300w, http:\/\/www.klubvss.eu\/wp-content\/uploads\/2021\/01\/Archiv-Trebatice-3.terajsi-clenoviabyvali-predseda-Emil-Janke3-768x536.jpg 768w, http:\/\/www.klubvss.eu\/wp-content\/uploads\/2021\/01\/Archiv-Trebatice-3.terajsi-clenoviabyvali-predseda-Emil-Janke3.jpg 1480w\" sizes=\"auto, (max-width: 1024px) 100vw, 1024px\" \/><\/figure>\n\n\n\n<figure class=\"wp-block-image size-large\"><img loading=\"lazy\" decoding=\"async\" width=\"1024\" height=\"713\" src=\"http:\/\/www.klubvss.eu\/wp-content\/uploads\/2021\/01\/Archiv-Trebatice-4.terajsi-clenovia-klubu4-1024x713.jpg\" alt=\"\" class=\"wp-image-676\" srcset=\"http:\/\/www.klubvss.eu\/wp-content\/uploads\/2021\/01\/Archiv-Trebatice-4.terajsi-clenovia-klubu4-1024x713.jpg 1024w, http:\/\/www.klubvss.eu\/wp-content\/uploads\/2021\/01\/Archiv-Trebatice-4.terajsi-clenovia-klubu4-300x209.jpg 300w, http:\/\/www.klubvss.eu\/wp-content\/uploads\/2021\/01\/Archiv-Trebatice-4.terajsi-clenovia-klubu4-768x535.jpg 768w, http:\/\/www.klubvss.eu\/wp-content\/uploads\/2021\/01\/Archiv-Trebatice-4.terajsi-clenovia-klubu4.jpg 1488w\" sizes=\"auto, (max-width: 1024px) 100vw, 1024px\" \/><\/figure>\n\n\n\n<figure class=\"wp-block-image size-large\"><img loading=\"lazy\" decoding=\"async\" width=\"1024\" height=\"714\" src=\"http:\/\/www.klubvss.eu\/wp-content\/uploads\/2021\/01\/Archiv-Trebatice-6.-pan-Stefan-Adamec-posudzuje-kralikapritomny-Jan-Merkel1-1024x714.jpg\" alt=\"\" class=\"wp-image-677\" srcset=\"http:\/\/www.klubvss.eu\/wp-content\/uploads\/2021\/01\/Archiv-Trebatice-6.-pan-Stefan-Adamec-posudzuje-kralikapritomny-Jan-Merkel1-1024x714.jpg 1024w, http:\/\/www.klubvss.eu\/wp-content\/uploads\/2021\/01\/Archiv-Trebatice-6.-pan-Stefan-Adamec-posudzuje-kralikapritomny-Jan-Merkel1-300x209.jpg 300w, http:\/\/www.klubvss.eu\/wp-content\/uploads\/2021\/01\/Archiv-Trebatice-6.-pan-Stefan-Adamec-posudzuje-kralikapritomny-Jan-Merkel1-768x535.jpg 768w, http:\/\/www.klubvss.eu\/wp-content\/uploads\/2021\/01\/Archiv-Trebatice-6.-pan-Stefan-Adamec-posudzuje-kralikapritomny-Jan-Merkel1.jpg 1492w\" sizes=\"auto, (max-width: 1024px) 100vw, 1024px\" \/><\/figure>\n\n\n\n<h5 class=\"wp-block-heading\"> <strong>\u010clenovia prv\u00e9ho v\u00fdboru klubu chovate\u013eov Vss:<\/strong><\/h5>\n\n\n\n<p> Predseda:&nbsp; &nbsp;&nbsp; &nbsp;&nbsp; &nbsp;&nbsp; &nbsp;&nbsp; &nbsp;&nbsp; &nbsp;&nbsp; &nbsp;&nbsp; Jozef Brazdovi\u010d<br> Podpredseda:&nbsp; &nbsp;&nbsp; &nbsp;&nbsp; &nbsp;&nbsp; &nbsp;&nbsp;  &nbsp;F\u00e9lix Korm\u00fat <br> Tajomn\u00edk:&nbsp; &nbsp;&nbsp; &nbsp;&nbsp; &nbsp;&nbsp; &nbsp;&nbsp; &nbsp;&nbsp; &nbsp;&nbsp; &nbsp; Emil Jankech <br> Pokladn\u00edk:&nbsp; &nbsp;&nbsp; &nbsp;&nbsp; &nbsp;&nbsp; &nbsp;&nbsp; &nbsp;&nbsp; &nbsp;&nbsp; &nbsp;Jozef Melicher <br> Registr\u00e1tor:&nbsp; &nbsp;&nbsp; &nbsp;&nbsp; &nbsp;&nbsp; &nbsp;&nbsp; &nbsp;&nbsp;  &nbsp; Milo\u0161 Lisick\u00fd <br> V\u00fdst. referent:&nbsp; &nbsp;&nbsp; &nbsp; &nbsp;&nbsp; &nbsp;  &nbsp; Rudolf Hojer <br> Odborn\u00e1 komisia:&nbsp; &nbsp;&nbsp; &nbsp;&nbsp; Martin Kri\u017eko, Pavol Slobodn\u00edk, Emil Mosa\u0165 <br> RK predseda:&nbsp; &nbsp;&nbsp; &nbsp;&nbsp; &nbsp;&nbsp; &nbsp;&nbsp; &nbsp;&nbsp; Ing.\u0160tefan Adamec <br> \u010clenovia RK:&nbsp; &nbsp;&nbsp; &nbsp;&nbsp; &nbsp;&nbsp; &nbsp;&nbsp; &nbsp;&nbsp; Milan Krchn\u00edk, Pavol Fro\u013eo <\/p>\n\n\n\n<p> Ke\u010f porovn\u00e1me menn\u00fd zoznam zakladaj\u00facich \u010dlenov a&nbsp;zoznam teraj\u0161\u00edch  \u010dlenov klubu zis\u0165ujeme, \u017ee niektor\u00ed chovatelia s\u00fa u\u017e \u010dlenmi klubu od  jeho zalo\u017eenia t.j. 30 rokov. S\u00fa to t\u00edto priatelia: Martin Kri\u017eko, Ing.  \u0160tefan Adamec, Pavol Fro\u013eo a&nbsp;\u0160tefan \u017da\u0165kuliak. Rok 1985 bol zlomov\u00fd.  Bola zalo\u017een\u00e1 s\u00fa\u0165a\u017e o&nbsp;najlep\u0161ieho chovate\u013ea klubu, chovate\u013eov kr\u00e1likov  Vss. Pod\u013ea tohto k\u013e\u00fa\u010da bola hodnoten\u00e1 pr\u00e1ca \u010dlenov klubu, aby sa  \u010dlenovia klubu mohli navz\u00e1jom porovn\u00e1va\u0165, ako pracuj\u00fa. V tomto roku boli  vypracovan\u00e9 prv\u00e9 typiza\u010dn\u00e9 znaky pre kvalitat\u00edvne lep\u0161iu informovanos\u0165  \u010dlenov klubu o&nbsp;kvalite kr\u00e1likov. Tieto typiza\u010dn\u00e9 znaky vypracoval p.  Slobodn\u00edk. Od roku 1985 sa taktie\u017e zaviedli dve v\u00fdstavy na klubovej  \u00farovni a&nbsp;to v&nbsp;term\u00ednoch :<\/p>\n\n\n\n<p>\n\t&nbsp;M\u00e1j \u2013 v\u00fdstava mlad\u00fdch kr\u00e1likov<\/p>\n\n\n\n<p>\n\t&nbsp;December \u2013 hlavne v\u00fdstava dospel\u00fdch kr\u00e1likov spojen\u00e1 s&nbsp;typiz\u00e1ciou.<\/p>\n\n\n\n<p>\n\tKlub od vtedy pre\u0161iel dlhou cestou a&nbsp;pozit\u00edvnym&nbsp; v\u00fdvojom. Prij\u00edmal \nnov\u00fdch \u010dlenov. Niektor\u00fdch stratil pre nez\u00e1ujem pracova\u0165 v&nbsp;klube \na&nbsp;v&nbsp;hor\u0161om pr\u00edpade v&nbsp;d\u00f4sledku \u00famrtia na\u0161ich \u010dlenov. <\/p>\n\n\n\n<p>\n\tPo smrti predsedu klubu p. Br\u00e1zdovi\u010da na jeho miesto nast\u00fapil, p. \nStrechaj Vladim\u00edr po \u0148om p. Jankech, ktor\u00fd t\u00fato funkciu zast\u00e1val do \nsvojej smrti&nbsp; do roku 2009, funkciu tajomn\u00edka prevzal po p. Jankechovi&nbsp; \np. Michalec. Tento&nbsp; t\u00fato funkciu vykon\u00e1val do roku &nbsp;2009. Funkciu \npokladn\u00edka prevzal v&nbsp;roku 1985 p. \u010capkovi\u010d. Na funkcii registr\u00e1tora \nklubu bol najv\u00e4\u010d\u0161\u00ed pohyb, po p. Lisickom t\u00fato funkciu prevzal p. Benko, \ntento sa vzdal&nbsp; funkcie v&nbsp;roku 2001, po \u0148om nast\u00fapil p. Mo\u0161ko, nesk\u00f4r p.\n Salva do roku 2009, kedy do\u0161lo k&nbsp;vo\u013ebe nov\u00e9ho v\u00fdboru, ktor\u00ed pracuje \nv&nbsp;tejto podobe:<\/p>\n\n\n\n<p> Predseda :&nbsp; &nbsp;&nbsp; &nbsp;&nbsp; &nbsp;&nbsp; &nbsp;&nbsp; &nbsp;&nbsp; &nbsp;&nbsp; &nbsp;&nbsp; &nbsp;&nbsp; &nbsp;&nbsp;     &nbsp;&nbsp;    &nbsp;&nbsp; &nbsp;&nbsp; Jozef Re\u017eo\u0148a<br> Tajomn\u00edk:&nbsp; &nbsp;&nbsp; &nbsp;&nbsp; &nbsp;&nbsp; &nbsp;&nbsp; &nbsp;&nbsp; &nbsp;&nbsp; &nbsp;&nbsp; &nbsp;&nbsp;    &nbsp;&nbsp; &nbsp;&nbsp;     &nbsp;&nbsp; &nbsp;&nbsp; Laurinec Salva <br> Registr\u00e1tor:&nbsp; &nbsp;&nbsp; &nbsp;&nbsp; &nbsp;&nbsp; &nbsp;&nbsp; &nbsp;&nbsp; &nbsp;&nbsp; &nbsp;   &nbsp; &nbsp;&nbsp; &nbsp;      &nbsp;&nbsp; &nbsp;&nbsp; Jaroslav Stoklasa <br> Pokladn\u00edk:&nbsp; &nbsp;&nbsp; &nbsp;&nbsp; &nbsp;&nbsp; &nbsp;&nbsp; &nbsp;&nbsp; &nbsp;&nbsp; &nbsp;&nbsp; &nbsp;&nbsp;    &nbsp;&nbsp;     &nbsp;&nbsp; &nbsp;&nbsp; &nbsp; J\u00e1n \u010capkovi\u010d<br> \u010clen v\u00fdboru (poradca chovu):&nbsp; &nbsp; &nbsp; Peter Stanko  <\/p>\n\n\n\n<p> <strong>Rev\u00edzna komisia: <\/strong><\/p>\n\n\n\n<p> Predseda:&nbsp; &nbsp;&nbsp; &nbsp;&nbsp; &nbsp;&nbsp; &nbsp;&nbsp; &nbsp;&nbsp; &nbsp;&nbsp; &nbsp;&nbsp; &nbsp;&nbsp; &nbsp;&nbsp;&nbsp; &nbsp;&nbsp; &nbsp; &nbsp; Franti\u0161ek Ryb\u00e1r<br> \u010clen:&nbsp; &nbsp;&nbsp; &nbsp;&nbsp; &nbsp;&nbsp; &nbsp;&nbsp; &nbsp;&nbsp; &nbsp;&nbsp; &nbsp;&nbsp; &nbsp;&nbsp; &nbsp;&nbsp; &nbsp;&nbsp; &nbsp;&nbsp; &nbsp;&nbsp; &nbsp;&nbsp; &nbsp;&nbsp; &nbsp; J\u00e1n Labuda&nbsp; &nbsp; <\/p>\n\n\n\n<p>\n\tV\u010faka b\u00fdval\u00e9mu predsedovi&nbsp; klubu p. Jankechovi&nbsp; bolo mo\u017en\u00e9 stret\u00e1va\u0165 sa\n v&nbsp;Trebaticiach cel\u00fdch 25 rokov. Po jeho smrti&nbsp; a&nbsp;vo\u013ebe nov\u00e9ho v\u00fdboru \nsme sa za\u010dali stret\u00e1va\u0165 v&nbsp;Likavke okr. Ru\u017eomberok, posledn\u00fa \u0161peci\u00e1lku \nsme mali v&nbsp;Michalovciach.<\/p>\n\n\n\n<p>  V rokoch 2000 a\u017e 2003 doch\u00e1dza v klube k zmene hodnotenia chovate\u013eov  a prepracovania s\u00fa\u0165a\u017ee. Za 3 roky s\u00fa\u0165a\u017e pre\u0161la zmenami v syst\u00e9me  hodnotenia nie chovate\u013ea ale jeho odchovu prezentovan\u00e9ho na v\u00fdstav\u00e1ch.  Bola prepracovan\u00e1 cel\u00e1 s\u00fa\u0165a\u017e, za\u010dalo sa hodnoti\u0165 nielen v jednotlivcoch  ale aj v kolekci\u00e1ch. Prijala sa s\u00fa\u0165a\u017e o Majstra klubu kde sa hodnotia  dve kolekcie po r\u00f4znych plemenn\u00edkoch, \u010falej s\u00fa\u0165a\u017e o \u0160ampi\u00f3na plemenn\u00edkov  kde sa hodnotia dve kolekcie po jednom plemenn\u00edkovi a dvoch r\u00f4znych  samiciach, vyhodnocuj\u00fa sa chovatelia v troch ur\u010den\u00fdch v\u00fdstav\u00e1ch. Je to   v\u00fdstava mlad\u00fdch kr\u00e1likov, \u0161peci\u00e1lka klubu a celo\u0161t\u00e1tna v\u00fdstava zvierat  Nitra,  kde ka\u017ed\u00fd vystavovate\u013e klubu m\u00f4\u017ee z\u00edska\u0165 body len za 6 najlep\u0161\u00edch  hodnoten\u00fdch kr\u00e1likov z ak\u00e9hoko\u013evek po\u010dtu vystaven\u00fdch kr\u00e1likov. Takto sa  vyhodnocuje cel\u00e1 s\u00fa\u0165a\u017e a oce\u0148uj\u00fa sa chovatelia za z\u00edskan\u00e9 body na svoje  vystaven\u00e9 kr\u00e1liky, spravidla prv\u00ed traja obdr\u017eia poh\u00e1re pod\u013ea   umiestnenia v s\u00fa\u0165a\u017ei. <\/p>\n\n\n\n<p>\n\tVo\u013ebou nov\u00e9ho v\u00fdboru znovu \u010dinnos\u0165 klubu o\u017eila, \u00faspe\u0161nou propag\u00e1ciou \nsme pritiahli do klubu nov\u00fdch \u010dlenov, \u010dlenov klubu sme z\u00edskali aj spoza \nhran\u00edc a&nbsp;to konkr\u00e9tne z&nbsp;Po\u013eska. Registr\u00e1cia kr\u00e1likov sa ust\u00e1lila okolo \n1000 ks, na\u010falej je vykon\u00e1van\u00e1 typiz\u00e1cia kr\u00e1likov na \u0161peci\u00e1lke klubu \na&nbsp;je vyd\u00e1van\u00fd spravodaj klubu za uplynul\u00e9 obdobie vo forme ro\u010denky \nklubu.<\/p>\n\n\n\n<h5 class=\"wp-block-heading\">\n\tTOP 10 chovate\u013eov za posledn\u00fdch 5 rokov<\/h5>\n\n\n\n<figure class=\"wp-block-table\"><table><tbody><tr><td class=\"has-text-align-center\" data-align=\"center\">\n\t\t\t\t\n\t\t\t\t\tPoradie\n\t\t\t<\/td><td>\n\t\t\t\t\n\t\t\t\t\tMeno\n\t\t\t<\/td><td class=\"has-text-align-center\" data-align=\"center\">\n\t\t\t\t\n\t\t\t\t\t2008\n\t\t\t<\/td><td class=\"has-text-align-center\" data-align=\"center\">\n\t\t\t\t\n\t\t\t\t\t2009\n\t\t\t<\/td><td class=\"has-text-align-center\" data-align=\"center\">\n\t\t\t\t\n\t\t\t\t\t2010\n\t\t\t<\/td><td class=\"has-text-align-center\" data-align=\"center\">\n\t\t\t\t\n\t\t\t\t\t2011\n\t\t\t<\/td><td class=\"has-text-align-center\" data-align=\"center\">\n\t\t\t\t\n\t\t\t\t\t2012\n\t\t\t<\/td><td class=\"has-text-align-center\" data-align=\"center\">\n\t\t\t\t\n\t\t\t\t\tSpolu\n\t\t\t<\/td><\/tr><tr><td class=\"has-text-align-center\" data-align=\"center\">\n\t\t\t\t\n\t\t\t\t\t1.\n\t\t\t<\/td><td>\n\t\t\t\t\n\t\t\t\t\tStanko Peter\n\t\t\t<\/td><td class=\"has-text-align-center\" data-align=\"center\">\n\t\t\t\t\n\t\t\t\t\t10\n\t\t\t<\/td><td class=\"has-text-align-center\" data-align=\"center\">\n\t\t\t\t\n\t\t\t\t\t10\n\t\t\t<\/td><td class=\"has-text-align-center\" data-align=\"center\">\n\t\t\t\t\n\t\t\t\t\t10\n\t\t\t<\/td><td class=\"has-text-align-center\" data-align=\"center\">\n\t\t\t\t\n\t\t\t\t\t9\n\t\t\t<\/td><td class=\"has-text-align-center\" data-align=\"center\">\n\t\t\t\t\n\t\t\t\t\t10\n\t\t\t<\/td><td class=\"has-text-align-center\" data-align=\"center\">\n\t\t\t\t\n\t\t\t\t\t49\n\t\t\t<\/td><\/tr><tr><td class=\"has-text-align-center\" data-align=\"center\">\n\t\t\t\t\n\t\t\t\t\t2.\n\t\t\t<\/td><td>\n\t\t\t\t\n\t\t\t\t\tStapinsk\u00fd Peter\n\t\t\t<\/td><td class=\"has-text-align-center\" data-align=\"center\">\n\t\t\t\t\n\t\t\t\t\t8\n\t\t\t<\/td><td class=\"has-text-align-center\" data-align=\"center\">\n\t\t\t\t\n\t\t\t\t\t8\n\t\t\t<\/td><td class=\"has-text-align-center\" data-align=\"center\">\n\t\t\t\t\n\t\t\t\t\t9\n\t\t\t<\/td><td class=\"has-text-align-center\" data-align=\"center\">\n\t\t\t\t\n\t\t\t\t\t10\n\t\t\t<\/td><td class=\"has-text-align-center\" data-align=\"center\">\n\t\t\t\t\n\t\t\t\t\t9\n\t\t\t<\/td><td class=\"has-text-align-center\" data-align=\"center\">\n\t\t\t\t\n\t\t\t\t\t44\n\t\t\t<\/td><\/tr><tr><td class=\"has-text-align-center\" data-align=\"center\">\n\t\t\t\t\n\t\t\t\t\t3.\n\t\t\t<\/td><td>\n\t\t\t\t\n\t\t\t\t\tRyb\u00e1r Franti\u0161ek\n\t\t\t<\/td><td class=\"has-text-align-center\" data-align=\"center\">\n\t\t\t\t\n\t\t\t\t\t6\n\t\t\t<\/td><td class=\"has-text-align-center\" data-align=\"center\">\n\t\t\t\t\n\t\t\t\t\t9\n\t\t\t<\/td><td class=\"has-text-align-center\" data-align=\"center\">\n\t\t\t\t\n\t\t\t\t\t8\n\t\t\t<\/td><td class=\"has-text-align-center\" data-align=\"center\">\n\t\t\t\t\n\t\t\t\t\t8\n\t\t\t<\/td><td class=\"has-text-align-center\" data-align=\"center\">\n\t\t\t\t\n\t\t\t\t\t8\n\t\t\t<\/td><td class=\"has-text-align-center\" data-align=\"center\">\n\t\t\t\t\n\t\t\t\t\t39\n\t\t\t<\/td><\/tr><tr><td class=\"has-text-align-center\" data-align=\"center\">\n\t\t\t\t\n\t\t\t\t\t4.\n\t\t\t<\/td><td>\n\t\t\t\t\n\t\t\t\t\tRe\u017eo\u0148a Jozef\n\t\t\t<\/td><td class=\"has-text-align-center\" data-align=\"center\">\n\t\t\t\t\n\t\t\t\t\t9\n\t\t\t<\/td><td class=\"has-text-align-center\" data-align=\"center\">\n\t\t\t\t\n\t\t\t\t\t7\n\t\t\t<\/td><td class=\"has-text-align-center\" data-align=\"center\">\n\t\t\t\t\n\t\t\t\t\t6\n\t\t\t<\/td><td class=\"has-text-align-center\" data-align=\"center\">\n\t\t\t\t\n\t\t\t\t\t6\n\t\t\t<\/td><td class=\"has-text-align-center\" data-align=\"center\">\n\t\t\t\t\n\t\t\t\t\t6\n\t\t\t<\/td><td class=\"has-text-align-center\" data-align=\"center\">\n\t\t\t\t\n\t\t\t\t\t34\n\t\t\t<\/td><\/tr><tr><td class=\"has-text-align-center\" data-align=\"center\">\n\t\t\t\t\n\t\t\t\t\t5.\n\t\t\t<\/td><td>\n\t\t\t\t\n\t\t\t\t\tSalva Laurinec\n\t\t\t<\/td><td class=\"has-text-align-center\" data-align=\"center\">\n\t\t\t\t\n\t\t\t\t\t7\n\t\t\t<\/td><td class=\"has-text-align-center\" data-align=\"center\">\n\t\t\t\t\n\t\t\t\t\t5\n\t\t\t<\/td><td class=\"has-text-align-center\" data-align=\"center\">\n\t\t\t\t\n\t\t\t\t\t7\n\t\t\t<\/td><td class=\"has-text-align-center\" data-align=\"center\">\n\t\t\t\t\n\t\t\t\t\t7\n\t\t\t<\/td><td class=\"has-text-align-center\" data-align=\"center\">\n\t\t\t\t\n\t\t\t\t\t7\n\t\t\t<\/td><td class=\"has-text-align-center\" data-align=\"center\">\n\t\t\t\t\n\t\t\t\t\t33\n\t\t\t<\/td><\/tr><tr><td class=\"has-text-align-center\" data-align=\"center\">\n\t\t\t\t\n\t\t\t\t\t6.\n\t\t\t<\/td><td>\n\t\t\t\t\n\t\t\t\t\tStoklasa&nbsp; Jaroslav\n\t\t\t<\/td><td class=\"has-text-align-center\" data-align=\"center\">\n\t\t\t\t\n\t\t\t\t\t5\n\t\t\t<\/td><td class=\"has-text-align-center\" data-align=\"center\">\n\t\t\t\t\n\t\t\t\t\t3\n\t\t\t<\/td><td class=\"has-text-align-center\" data-align=\"center\">\n\t\t\t\t\n\t\t\t\t\t5\n\t\t\t<\/td><td class=\"has-text-align-center\" data-align=\"center\">\n\t\t\t\t\n\t\t\t\t\t4\n\t\t\t<\/td><td class=\"has-text-align-center\" data-align=\"center\">\n\t\t\t\t\n\t\t\t\t\t3\n\t\t\t<\/td><td class=\"has-text-align-center\" data-align=\"center\">\n\t\t\t\t\n\t\t\t\t\t20\n\t\t\t<\/td><\/tr><tr><td class=\"has-text-align-center\" data-align=\"center\">\n\t\t\t\t\n\t\t\t\t\t7.\n\t\t\t<\/td><td>\n\t\t\t\t\n\t\t\t\t\tLabuda J\u00e1n\n\t\t\t<\/td><td class=\"has-text-align-center\" data-align=\"center\">\n\t\t\t\t\n\t\t\t\t\t3\n\t\t\t<\/td><td class=\"has-text-align-center\" data-align=\"center\">\n\t\t\t\t\n\t\t\t\t\t4\n\t\t\t<\/td><td class=\"has-text-align-center\" data-align=\"center\">\n\t\t\t\t\n\t\t\t\t\t&nbsp;1&nbsp;\n\t\t\t<\/td><td class=\"has-text-align-center\" data-align=\"center\">\n\t\t\t\t\n\t\t\t\t\t&#8211;&nbsp;\n\t\t\t<\/td><td class=\"has-text-align-center\" data-align=\"center\">\n\t\t\t\t\n\t\t\t\t\t&nbsp;5&nbsp;\n\t\t\t<\/td><td class=\"has-text-align-center\" data-align=\"center\">\n\t\t\t\t\n\t\t\t\t\t13\n\t\t\t<\/td><\/tr><tr><td class=\"has-text-align-center\" data-align=\"center\">\n\t\t\t\t\n\t\t\t\t\t8.\n\t\t\t<\/td><td>\n\t\t\t\t\n\t\t\t\t\tMoln\u00e1r J\u00falius\n\t\t\t<\/td><td class=\"has-text-align-center\" data-align=\"center\">\n\t\t\t\t\n\t\t\t\t\t&#8211;&nbsp;\n\t\t\t<\/td><td class=\"has-text-align-center\" data-align=\"center\">\n\t\t\t\t\n\t\t\t\t\t&#8211;\n\t\t\t<\/td><td class=\"has-text-align-center\" data-align=\"center\">\n\t\t\t\t\n\t\t\t\t\t4\n\t\t\t<\/td><td class=\"has-text-align-center\" data-align=\"center\">\n\t\t\t\t\n\t\t\t\t\t5\n\t\t\t<\/td><td class=\"has-text-align-center\" data-align=\"center\">\n\t\t\t\t\n\t\t\t\t\t&#8211;&nbsp;\n\t\t\t<\/td><td class=\"has-text-align-center\" data-align=\"center\">\n\t\t\t\t\n\t\t\t\t\t9\n\t\t\t<\/td><\/tr><tr><td class=\"has-text-align-center\" data-align=\"center\">\n\t\t\t\t\n\t\t\t\t\t9.-10\n\t\t\t<\/td><td>\n\t\t\t\t\n\t\t\t\t\tK\u00f6ver&nbsp; Milo\u0161\n\t\t\t<\/td><td class=\"has-text-align-center\" data-align=\"center\">\n\t\t\t\t\n\t\t\t\t\t&#8211;\n\t\t\t<\/td><td class=\"has-text-align-center\" data-align=\"center\">\n\t\t\t\t\n\t\t\t\t\t&#8211;\n\t\t\t<\/td><td class=\"has-text-align-center\" data-align=\"center\">\n\t\t\t\t\n\t\t\t\t\t&#8211;\n\t\t\t<\/td><td class=\"has-text-align-center\" data-align=\"center\">\n\t\t\t\t\n\t\t\t\t\t1\n\t\t\t<\/td><td class=\"has-text-align-center\" data-align=\"center\">\n\t\t\t\t\n\t\t\t\t\t4\n\t\t\t<\/td><td class=\"has-text-align-center\" data-align=\"center\">\n\t\t\t\t\n\t\t\t\t\t5\n\t\t\t<\/td><\/tr><tr><td class=\"has-text-align-center\" data-align=\"center\">\n\t\t\t\t\n\t\t\t\t\t&nbsp;9.-10.\n\t\t\t<\/td><td>\n\t\t\t\t\n\t\t\t\t\tHr\u00fazik Roman\n\t\t\t<\/td><td class=\"has-text-align-center\" data-align=\"center\">\n\t\t\t\t\n\t\t\t\t\t2&nbsp;\n\t\t\t<\/td><td class=\"has-text-align-center\" data-align=\"center\">\n\t\t\t\t\n\t\t\t\t\t&#8211;&nbsp;\n\t\t\t<\/td><td class=\"has-text-align-center\" data-align=\"center\">\n\t\t\t\t\n\t\t\t\t\t3\n\t\t\t<\/td><td class=\"has-text-align-center\" data-align=\"center\">\n\t\t\t\t\n\t\t\t\t\t&#8211;&nbsp;\n\t\t\t<\/td><td class=\"has-text-align-center\" data-align=\"center\">\n\t\t\t\t\n\t\t\t\t\t&#8211;\n\t\t\t<\/td><td class=\"has-text-align-center\" data-align=\"center\">\n\t\t\t\t\n\t\t\t\t\t5\n\t\t\t<\/td><\/tr><\/tbody><\/table><\/figure>\n\n\n\n<p>\n\tV&nbsp;roku 2012, rozhodnut\u00edm \u00daOK pre chov kr\u00e1likov, na z\u00e1klade na\u0161ej \npo\u017eiadavky vypl\u00fdvaj\u00facej z&nbsp;uznesenia \u010dlenskej sch\u00f4dze, ktor\u00e1 sa \nuskuto\u010dnila v&nbsp;Michalovciach, boli prijat\u00e9 do klubu kr\u00e1liky Franc\u00fazske \nstrieborn\u00e9, bez oh\u013eadu na t\u00fato skuto\u010dnos\u0165 n\u00e1zov klubu sa nemen\u00ed a&nbsp;nem\u00e1 \nto vplyv na na\u0161u \u010dinnos\u0165, treba len d\u00fafa\u0165, \u017ee sa chov Franc\u00fazskych \nstrieborn\u00fdch kr\u00e1likov roz\u0161\u00edri medzi \u010fal\u0161\u00edch chovate\u013eov.<\/p>\n\n\n\n<p>\n\tV\u00fdsledky spolo\u010dnej pr\u00e1ce \u010dlenov klubu len potvrdzuj\u00fa, \u017ee kr\u00e1\u010dame \nspr\u00e1vnym smerom, \u017ee spolo\u010dn\u00e9 \u00fasilie na na\u0161om kon\u00ed\u010dku prin\u00e1\u0161a pre n\u00e1s \nchovate\u013eov&nbsp; pokrok, ale nem\u00f4\u017eeme sa uspokoji\u0165 s&nbsp;dosiahnut\u00fdmi v\u00fdsledkami,\n treba v&nbsp;chove v\u017edy nie\u010do zlep\u0161ova\u0165&nbsp; a&nbsp;z\u00e1rove\u0148 \u010daka\u0165 na nov\u00e9 v\u00fdsledky,&nbsp; \naby n\u00e1m chov priniesol rados\u0165.&nbsp; &nbsp;&nbsp; &nbsp;&nbsp; &nbsp;&nbsp; &nbsp;&nbsp; &nbsp;&nbsp; &nbsp;&nbsp; &nbsp;&nbsp; &nbsp;&nbsp; &nbsp;&nbsp; &nbsp;&nbsp; &nbsp;&nbsp; &nbsp;&nbsp; &nbsp;&nbsp; \n&nbsp;&nbsp; &nbsp;&nbsp; &nbsp;&nbsp; &nbsp;&nbsp; <\/p>\n\n\n\n<p> Inform\u00e1cie o&nbsp;\u010dinnosti klubu z\u00edskate aj na : www.klubvss.eu<\/p>\n\n\n\n<p class=\"has-text-align-right\">Tajomn\u00edk KCHK Vss Laurinec Salva<\/p>\n","protected":false},"excerpt":{"rendered":"<p>30 rokov klubu chovate\u013eov kr\u00e1likov Vss na Slovensku K&nbsp;zalo\u017eeniu klubu do\u0161lo d\u0148a 10.6.1983 ke\u010f vtedaj\u0161ie P\u00daV SZD v&nbsp;Bratislave na svojom&nbsp;&hellip;<\/p>\n","protected":false},"author":1,"featured_media":0,"parent":0,"menu_order":0,"comment_status":"closed","ping_status":"closed","template":"","meta":{"ngg_post_thumbnail":0,"footnotes":""},"class_list":["post-66","page","type-page","status-publish","hentry"],"_links":{"self":[{"href":"http:\/\/www.klubvss.eu\/index.php?rest_route=\/wp\/v2\/pages\/66","targetHints":{"allow":["GET"]}}],"collection":[{"href":"http:\/\/www.klubvss.eu\/index.php?rest_route=\/wp\/v2\/pages"}],"about":[{"href":"http:\/\/www.klubvss.eu\/index.php?rest_route=\/wp\/v2\/types\/page"}],"author":[{"embeddable":true,"href":"http:\/\/www.klubvss.eu\/index.php?rest_route=\/wp\/v2\/users\/1"}],"replies":[{"embeddable":true,"href":"http:\/\/www.klubvss.eu\/index.php?rest_route=%2Fwp%2Fv2%2Fcomments&post=66"}],"version-history":[{"count":8,"href":"http:\/\/www.klubvss.eu\/index.php?rest_route=\/wp\/v2\/pages\/66\/revisions"}],"predecessor-version":[{"id":678,"href":"http:\/\/www.klubvss.eu\/index.php?rest_route=\/wp\/v2\/pages\/66\/revisions\/678"}],"wp:attachment":[{"href":"http:\/\/www.klubvss.eu\/index.php?rest_route=%2Fwp%2Fv2%2Fmedia&parent=66"}],"curies":[{"name":"wp","href":"https:\/\/api.w.org\/{rel}","templated":true}]}}